{"id":20472,"date":"2025-11-02T07:38:20","date_gmt":"2025-11-02T07:38:20","guid":{"rendered":"https:\/\/naturelb.lu\/?page_id=20472"},"modified":"2025-11-02T07:57:30","modified_gmt":"2025-11-02T07:57:30","slug":"les-soins-visages-anti-age","status":"publish","type":"page","link":"https:\/\/naturelb.lu\/?page_id=20472","title":{"rendered":"Les soins visages Anti-\u00e2ge"},"content":{"rendered":"\t\t<div data-elementor-type=\"wp-page\" data-elementor-id=\"20472\" class=\"elementor elementor-20472\" data-elementor-settings=\"[]\">\n\t\t\t\t\t\t\t<div class=\"elementor-section-wrap\">\n\t\t\t\t\t\t\t<section class=\"elementor-section elementor-top-section elementor-element elementor-element-e57b3ff elementor-section-boxed elementor-section-height-default elementor-section-height-default edgtf-elementor-container-no edgtf-section edgtf-parallax-section-holder-touch-disabled edgtf-parallax-section-no\" data-id=\"e57b3ff\" data-element_type=\"section\">\n\t\t\t\t\t\t<div class=\"elementor-container elementor-column-gap-default\">\n\t\t\t\t\t<div class=\"elementor-column elementor-col-100 elementor-top-column elementor-element elementor-element-50b20fb\" data-id=\"50b20fb\" data-element_type=\"column\">\n\t\t\t<div class=\"elementor-widget-wrap elementor-element-populated\">\n\t\t\t\t\t\t\t\t<div class=\"elementor-element elementor-element-359c330 elementor-widget elementor-widget-heading\" data-id=\"359c330\" data-element_type=\"widget\" data-widget_type=\"heading.default\">\n\t\t\t\t<div class=\"elementor-widget-container\">\n\t\t\t<style>\/*! elementor - v3.5.4 - 23-01-2022 *\/\n.elementor-heading-title{padding:0;margin:0;line-height:1}.elementor-widget-heading .elementor-heading-title[class*=elementor-size-]>a{color:inherit;font-size:inherit;line-height:inherit}.elementor-widget-heading .elementor-heading-title.elementor-size-small{font-size:15px}.elementor-widget-heading .elementor-heading-title.elementor-size-medium{font-size:19px}.elementor-widget-heading .elementor-heading-title.elementor-size-large{font-size:29px}.elementor-widget-heading .elementor-heading-title.elementor-size-xl{font-size:39px}.elementor-widget-heading .elementor-heading-title.elementor-size-xxl{font-size:59px}<\/style><h6 class=\"elementor-heading-title elementor-size-large\">R\u00e9v\u00e9lez votre \u00e9clat, naturellement <\/h6>\t\t<\/div>\n\t\t\t\t<\/div>\n\t\t\t\t<div class=\"elementor-element elementor-element-760f582 elementor-widget elementor-widget-heading\" data-id=\"760f582\" data-element_type=\"widget\" data-widget_type=\"heading.default\">\n\t\t\t\t<div class=\"elementor-widget-container\">\n\t\t\t<h5 class=\"elementor-heading-title elementor-size-default\">Chaque visage raconte une histoire. \n\u00c0 travers les ann\u00e9es, la peau \u00e9volue, se fragilise, perd parfois de sa fermet\u00e9, de son \u00e9clat. \nChez Naturel Beaut\u00e9 by M\u00e9lanie, nous vous proposons des soins visage anti-\u00e2ge hautement cibl\u00e9s et sensoriels, adapt\u00e9s \u00e0 votre peau, votre \u00e2ge, vos besoins.\n<\/h5>\t\t<\/div>\n\t\t\t\t<\/div>\n\t\t\t\t\t<\/div>\n\t\t<\/div>\n\t\t\t\t\t\t\t<\/div>\n\t\t<\/section>\n\t\t\t\t<section class=\"elementor-section elementor-top-section elementor-element elementor-element-c0a79b7 edgtf-elementor-container-inner elementor-section-boxed elementor-section-height-default elementor-section-height-default edgtf-section edgtf-parallax-section-holder-touch-disabled edgtf-parallax-section-no\" data-id=\"c0a79b7\" data-element_type=\"section\" data-settings=\"{&quot;background_background&quot;:&quot;classic&quot;}\">\n\t\t\t\t\t\t<div class=\"elementor-container elementor-column-gap-default\">\n\t\t\t\t\t<div class=\"elementor-column elementor-col-33 elementor-top-column elementor-element elementor-element-f55d71e\" data-id=\"f55d71e\" data-element_type=\"column\">\n\t\t\t<div class=\"elementor-widget-wrap elementor-element-populated\">\n\t\t\t\t\t\t\t\t<div class=\"elementor-element elementor-element-f5d2edd elementor-widget elementor-widget-edgtf_title_with_number\" data-id=\"f5d2edd\" data-element_type=\"widget\" data-widget_type=\"edgtf_title_with_number.default\">\n\t\t\t\t<div class=\"elementor-widget-container\">\n\t\t\t<h3 class=\"edgtf-title-with-number\" >\n\t<span class=\"edgtf-twn-number\">01<\/span>Les soins visages EKIA - L\u2019excellence bio pour les peaux matures<\/h3>\t\t<\/div>\n\t\t\t\t<\/div>\n\t\t\t\t<div class=\"elementor-element elementor-element-9b8ef17 elementor-widget elementor-widget-text-editor\" data-id=\"9b8ef17\" data-element_type=\"widget\" data-widget_type=\"text-editor.default\">\n\t\t\t\t<div class=\"elementor-widget-container\">\n\t\t\t<style>\/*! elementor - v3.5.4 - 23-01-2022 *\/\n.elementor-widget-text-editor.elementor-drop-cap-view-stacked .elementor-drop-cap{background-color:#818a91;color:#fff}.elementor-widget-text-editor.elementor-drop-cap-view-framed .elementor-drop-cap{color:#818a91;border:3px solid;background-color:transparent}.elementor-widget-text-editor:not(.elementor-drop-cap-view-default) .elementor-drop-cap{margin-top:8px}.elementor-widget-text-editor:not(.elementor-drop-cap-view-default) .elementor-drop-cap-letter{width:1em;height:1em}.elementor-widget-text-editor .elementor-drop-cap{float:left;text-align:center;line-height:1;font-size:50px}.elementor-widget-text-editor .elementor-drop-cap-letter{display:inline-block}<\/style>\t\t\t\t<p>Cr\u00e9\u00e9e sp\u00e9cialement pour les femmes de plus de 40 ans, Ekia allie l&#8217;expertise des peaux m\u00e9nopaus\u00e9es, du bio et du sur mesure gr\u00e2ce \u00e0 une approche par niveau de maturit\u00e9 de peau.<\/p><p>La m\u00e9nopause est une \u00e9tape cl\u00e9 dans la vie d\u2019une femme, marqu\u00e9e par des bouleversements hormonaux qui se lisent aussi sur la peau : rel\u00e2chement, s\u00e9cheresse, perte d\u2019\u00e9clat, rides plus marqu\u00e9es, affaissement de l\u2019ovale.<\/p><p>Chez Naturel Beaut\u00e9 by M\u00e9lanie, nous avons choisi de travailler avec EKIA, marque fran\u00e7aise experte des peaux matures, certifi\u00e9e bio et fond\u00e9e sur une science dermo-cosm\u00e9tique de pointe.<\/p><p>Des actifs puissants et naturels pour des r\u00e9sultats visibles<\/p><p>Les soins EKIA reposent sur une synergie d\u2019actifs v\u00e9g\u00e9taux bio hautement concentr\u00e9s.<\/p><p>Au c\u0153ur de la gamme Ekia, la s\u00e8ve de Sang du Dragon, arbre d\u2019Amazonie au pouvoir r\u00e9g\u00e9n\u00e9rant, cicatrisant, antioxydant exceptionnel et anti inflammatoire qui stimule la r\u00e9g\u00e9n\u00e9ration cellulaire<\/p><p>Ainsi que des principes actifs naturels puissants, des agents nettoyants naturels doux, des textures innovantes, sans huiles essentielles en tant que principe actif.<\/p><p>Chaque formule est sans perturbateurs endocriniens, sans silicones, sans mati\u00e8res animales. Une cosm\u00e9tique propre, respectueuse de votre peau et de votre sant\u00e9.<\/p><p>Des soins 100% personnalisables<\/p><p>Ce qui rend les soins EKIA uniques, c\u2019est la mixologie professionnelle : un protocole 100% personnalis\u00e9 que nous construirons selon le profil de votre peau, vos probl\u00e9matiques et vos ressentis.<\/p><p>Gr\u00e2ce \u00e0 cette mixologie, nous composons votre soin en m\u00e9langeant des bases \u00e0 des actifs sp\u00e9cifiques, en les combinant \u00e0 des techniques de massage cibl\u00e9es (drainage, lissage, stimulation), pour une efficacit\u00e9 renforc\u00e9e \u00e0 chaque rendez-vous.<\/p><p>Gr\u00e2ce \u00e0 la mixologie, aucun autre soin ne ressemblera au v\u00f4tre !<\/p>\t\t\t\t\t\t<\/div>\n\t\t\t\t<\/div>\n\t\t\t\t<div class=\"elementor-element elementor-element-3a89b02 elementor-widget elementor-widget-image\" data-id=\"3a89b02\" data-element_type=\"widget\" data-widget_type=\"image.default\">\n\t\t\t\t<div class=\"elementor-widget-container\">\n\t\t\t<style>\/*! elementor - v3.5.4 - 23-01-2022 *\/\n.elementor-widget-image{text-align:center}.elementor-widget-image a{display:inline-block}.elementor-widget-image a img[src$=\".svg\"]{width:48px}.elementor-widget-image img{vertical-align:middle;display:inline-block}<\/style>\t\t\t\t\t\t\t\t\t\t\t\t<img width=\"252\" height=\"177\" src=\"https:\/\/naturelb.lu\/wp-content\/uploads\/2025\/11\/Picture1.jpg\" class=\"attachment-large size-large\" alt=\"\" loading=\"lazy\" \/>\t\t\t\t\t\t\t\t\t\t\t\t\t\t\t<\/div>\n\t\t\t\t<\/div>\n\t\t\t\t<div class=\"elementor-element elementor-element-66563f8 elementor-widget elementor-widget-image\" data-id=\"66563f8\" data-element_type=\"widget\" data-widget_type=\"image.default\">\n\t\t\t\t<div class=\"elementor-widget-container\">\n\t\t\t\t\t\t\t\t\t\t\t\t\t\t\t<img width=\"239\" height=\"169\" src=\"https:\/\/naturelb.lu\/wp-content\/uploads\/2025\/11\/Picture2.png\" class=\"attachment-large size-large\" alt=\"\" loading=\"lazy\" \/>\t\t\t\t\t\t\t\t\t\t\t\t\t\t\t<\/div>\n\t\t\t\t<\/div>\n\t\t\t\t<div class=\"elementor-element elementor-element-2086aee elementor-widget elementor-widget-edgtf_separator\" data-id=\"2086aee\" data-element_type=\"widget\" data-widget_type=\"edgtf_separator.default\">\n\t\t\t\t<div class=\"elementor-widget-container\">\n\t\t\t<div class=\"edgtf-separator-holder clearfix  edgtf-separator-center edgtf-separator-normal\">\n\t<div class=\"edgtf-separator\" style=\"border-color: #E4DDDD;width: 100%;border-bottom-width: 2px;margin-top: 0px;margin-bottom: 40px\"><\/div>\n<\/div>\n\t\t<\/div>\n\t\t\t\t<\/div>\n\t\t\t\t\t<\/div>\n\t\t<\/div>\n\t\t\t\t<div class=\"elementor-column elementor-col-33 elementor-top-column elementor-element elementor-element-ce308bf\" data-id=\"ce308bf\" data-element_type=\"column\">\n\t\t\t<div class=\"elementor-widget-wrap elementor-element-populated\">\n\t\t\t\t\t\t\t\t<div class=\"elementor-element elementor-element-0b95fc4 elementor-widget elementor-widget-edgtf_title_with_number\" data-id=\"0b95fc4\" data-element_type=\"widget\" data-widget_type=\"edgtf_title_with_number.default\">\n\t\t\t\t<div class=\"elementor-widget-container\">\n\t\t\t<h3 class=\"edgtf-title-with-number\" >\n\t<span class=\"edgtf-twn-number\">02<\/span>Les soins Signatures LPG CELLUM6 INFINITY - Haute technologie et gestuelle experte<\/h3>\t\t<\/div>\n\t\t\t\t<\/div>\n\t\t\t\t<div class=\"elementor-element elementor-element-b469e91 elementor-widget elementor-widget-text-editor\" data-id=\"b469e91\" data-element_type=\"widget\" data-widget_type=\"text-editor.default\">\n\t\t\t\t<div class=\"elementor-widget-container\">\n\t\t\t\t\t\t\t<p>Les Soins Signature endermologie LPG offrent une exp\u00e9rience sensorielle in\u00e9dite en associant stimulation cellulaire et man\u0153uvres manuelles expertes.<\/p><p>Gr\u00e2ce \u00e0 cette synergie unique, chaque soin procure un bien-\u00eatre maximis\u00e9 et une relaxation profonde, tout en garantissant des r\u00e9sultats visibles.\u00a0<\/p><p>La stimulation m\u00e9canique d\u00e9livr\u00e9e \u00e0 la surface de la peau r\u00e9active les processus physiologiques naturels tandis que les techniques manuelles cibl\u00e9es optimisent les r\u00e9sultats tout en favorisant une d\u00e9tente compl\u00e8te du corps et de l\u2019esprit.<\/p><p>Les Soins Signature endermologie permettent ainsi d\u2019allier efficacit\u00e9 et plaisir sensoriel, pour une peau revitalis\u00e9e, un esprit apais\u00e9 et une sensation de bien-\u00eatre apr\u00e8s chaque s\u00e9ance.<\/p><ul><li><strong>R\u00c9NOVATEUR ANTI-\u00c2GE (80 minutes) <\/strong><\/li><\/ul><p>Ce soin avanc\u00e9 associe une double exfoliation m\u00e9canique et chimique du visage et du cou, permettant un nettoyage en profondeur de l&#8217;\u00e9piderme. Il favorise l&#8217;\u00e9limination des toxines et stimule le renouvellement cellulaire pour retrouver une peau saine, uniforme et lumineuse.<\/p><ul><li><strong>PRO LIFT (80 minutes)<\/strong><\/li><\/ul><p>Ce soin anti-\u00e2ge complet (visage, cou, d\u00e9collet\u00e9) se distingue par sa combinaison unique d&#8217;exfoliations, de stimulation cellulaire m\u00e9canique et de man\u0153uvres facialistes exclusives. Il uniformise et illumine le teint, tout en liftant et redessinant les contours du visage. En comblant visiblement les rides et en renfor\u00e7ant la fermet\u00e9 de la peau, ce soin r\u00e9v\u00e8le un \u00e9piderme plus lisse,lift\u00e9 et rajeuni.\u00a0<\/p><p>\u00a0<\/p>\t\t\t\t\t\t<\/div>\n\t\t\t\t<\/div>\n\t\t\t\t<div class=\"elementor-element elementor-element-29bceb9 elementor-widget elementor-widget-image\" data-id=\"29bceb9\" data-element_type=\"widget\" data-widget_type=\"image.default\">\n\t\t\t\t<div class=\"elementor-widget-container\">\n\t\t\t\t\t\t\t\t\t\t\t\t\t\t\t<img width=\"289\" height=\"192\" src=\"https:\/\/naturelb.lu\/wp-content\/uploads\/2025\/11\/Picture4.jpg\" class=\"attachment-large size-large\" alt=\"\" loading=\"lazy\" \/>\t\t\t\t\t\t\t\t\t\t\t\t\t\t\t<\/div>\n\t\t\t\t<\/div>\n\t\t\t\t<div class=\"elementor-element elementor-element-19deaa3 elementor-widget elementor-widget-image\" data-id=\"19deaa3\" data-element_type=\"widget\" data-widget_type=\"image.default\">\n\t\t\t\t<div class=\"elementor-widget-container\">\n\t\t\t\t\t\t\t\t\t\t\t\t\t\t\t<img width=\"286\" height=\"162\" src=\"https:\/\/naturelb.lu\/wp-content\/uploads\/2025\/11\/Picture3.jpg\" class=\"attachment-large size-large\" alt=\"\" loading=\"lazy\" \/>\t\t\t\t\t\t\t\t\t\t\t\t\t\t\t<\/div>\n\t\t\t\t<\/div>\n\t\t\t\t<div class=\"elementor-element elementor-element-613413f elementor-widget elementor-widget-edgtf_separator\" data-id=\"613413f\" data-element_type=\"widget\" data-widget_type=\"edgtf_separator.default\">\n\t\t\t\t<div class=\"elementor-widget-container\">\n\t\t\t<div class=\"edgtf-separator-holder clearfix  edgtf-separator-center edgtf-separator-normal\">\n\t<div class=\"edgtf-separator\" style=\"border-color: #E7E7E7;width: 100%;border-bottom-width: 2px;margin-top: 0px;margin-bottom: 40px\"><\/div>\n<\/div>\n\t\t<\/div>\n\t\t\t\t<\/div>\n\t\t\t\t\t<\/div>\n\t\t<\/div>\n\t\t\t\t<div class=\"elementor-column elementor-col-33 elementor-top-column elementor-element elementor-element-c33a8ff\" data-id=\"c33a8ff\" data-element_type=\"column\">\n\t\t\t<div class=\"elementor-widget-wrap elementor-element-populated\">\n\t\t\t\t\t\t\t\t<div class=\"elementor-element elementor-element-193abe7 elementor-widget elementor-widget-edgtf_title_with_number\" data-id=\"193abe7\" data-element_type=\"widget\" data-widget_type=\"edgtf_title_with_number.default\">\n\t\t\t\t<div class=\"elementor-widget-container\">\n\t\t\t<h3 class=\"edgtf-title-with-number\" >\n\t<span class=\"edgtf-twn-number\">03<\/span>Le MICRONEEDLING, un traitement non invasif aux micro aiguilles<\/h3>\t\t<\/div>\n\t\t\t\t<\/div>\n\t\t\t\t<div class=\"elementor-element elementor-element-97f106f elementor-widget elementor-widget-text-editor\" data-id=\"97f106f\" data-element_type=\"widget\" data-widget_type=\"text-editor.default\">\n\t\t\t\t<div class=\"elementor-widget-container\">\n\t\t\t\t\t\t\t<p>Le MICRONEEDLING est une technique de revitalisation de la peau qui agit sur les probl\u00e9matiques du vieillissement cutan\u00e9, am\u00e9liore le grain et l\u2019\u00e9clat de la peau, r\u00e9duit les taches, les traces d\u2019acn\u00e9, les cicatrices et les pores dilat\u00e9s.En cr\u00e9ant des micro perforations de la peau avec un stylet \u00e9lectrique, le microneedling d\u00e9clenche un processus de r\u00e9paration naturelle de la peau en stimulant la production d\u2019\u00e9lastine et de collag\u00e8ne pour redensifier l\u2019aspect de la peau.<\/p><p>Ce soin convient \u00e0 tous types de peau de la plus claire \u00e0 la peau noire<\/p><p>Une s\u00e9ance dure environ 1 heure et l\u2019id\u00e9al est de faire 3 s\u00e9ances espac\u00e9es d\u2019un mois, pour des r\u00e9sultats d\u00e9finitifs<\/p>\t\t\t\t\t\t<\/div>\n\t\t\t\t<\/div>\n\t\t\t\t<div class=\"elementor-element elementor-element-788ca6a elementor-widget elementor-widget-image\" data-id=\"788ca6a\" data-element_type=\"widget\" data-widget_type=\"image.default\">\n\t\t\t\t<div class=\"elementor-widget-container\">\n\t\t\t\t\t\t\t\t\t\t\t\t\t\t\t<img width=\"170\" height=\"113\" src=\"https:\/\/naturelb.lu\/wp-content\/uploads\/2025\/11\/Picture5.jpg\" class=\"attachment-large size-large\" alt=\"\" loading=\"lazy\" \/>\t\t\t\t\t\t\t\t\t\t\t\t\t\t\t<\/div>\n\t\t\t\t<\/div>\n\t\t\t\t<div class=\"elementor-element elementor-element-f648cb8 elementor-widget elementor-widget-edgtf_separator\" data-id=\"f648cb8\" data-element_type=\"widget\" data-widget_type=\"edgtf_separator.default\">\n\t\t\t\t<div class=\"elementor-widget-container\">\n\t\t\t<div class=\"edgtf-separator-holder clearfix  edgtf-separator-center edgtf-separator-normal\">\n\t<div class=\"edgtf-separator\" style=\"border-color: #CFCBCB;width: 100%;border-bottom-width: 2px;margin-top: 0px;margin-bottom: 40px\"><\/div>\n<\/div>\n\t\t<\/div>\n\t\t\t\t<\/div>\n\t\t\t\t\t<\/div>\n\t\t<\/div>\n\t\t\t\t\t\t\t<\/div>\n\t\t<\/section>\n\t\t\t\t<section class=\"elementor-section elementor-top-section elementor-element elementor-element-e01e52e elementor-section-boxed elementor-section-height-default elementor-section-height-default edgtf-elementor-container-no edgtf-section edgtf-parallax-section-holder-touch-disabled edgtf-parallax-section-no\" data-id=\"e01e52e\" data-element_type=\"section\" data-settings=\"{&quot;background_background&quot;:&quot;classic&quot;}\">\n\t\t\t\t\t\t<div class=\"elementor-container elementor-column-gap-default\">\n\t\t\t\t\t<div class=\"elementor-column elementor-col-100 elementor-top-column elementor-element elementor-element-9fcbd13\" data-id=\"9fcbd13\" data-element_type=\"column\" data-settings=\"{&quot;background_background&quot;:&quot;classic&quot;}\">\n\t\t\t<div class=\"elementor-widget-wrap elementor-element-populated\">\n\t\t\t\t\t\t\t\t<div class=\"elementor-element elementor-element-d322af5 elementor-widget elementor-widget-edgtf_call_to_action\" data-id=\"d322af5\" data-element_type=\"widget\" data-widget_type=\"edgtf_call_to_action.default\">\n\t\t\t\t<div class=\"elementor-widget-container\">\n\t\t\t\t<div class=\"edgtf-container-inner\">\n\t<div class=\"edgtf-call-to-action normal\" style=\"background-color: #FCBF48;\">\n\n\t\t\t\t\t<div class=\"edgtf-call-to-action-row-75-25 clearfix\" >\n\t\t\t\t\t\t<div class=\"edgtf-text-wrapper \">\n\t\t\t\t\t<div class=\"edgtf-call-to-action-text\" style=\"text-align: center\"><p><span style=\"color: #ffffff;\">Pourquoi int\u00e9grer des massages facialistes dans nos soins visages anti -\u00e2ge ?<\/span><\/p>\t\t\t\t\t\t\t\t\t\t\t<\/div>\n\t\t\t\t<\/div>\n\n\t\t\t\t\t\t\t<\/div>\n\t\t\t<\/div>\n\t<\/div>\n\t\t<\/div>\n\t\t\t\t<\/div>\n\t\t\t\t\t<\/div>\n\t\t<\/div>\n\t\t\t\t\t\t\t<\/div>\n\t\t<\/section>\n\t\t\t\t<section class=\"elementor-section elementor-top-section elementor-element elementor-element-0964ba6 elementor-section-boxed elementor-section-height-default elementor-section-height-default edgtf-elementor-container-no edgtf-section edgtf-parallax-section-holder-touch-disabled edgtf-parallax-section-no\" data-id=\"0964ba6\" data-element_type=\"section\">\n\t\t\t\t\t\t<div class=\"elementor-container elementor-column-gap-default\">\n\t\t\t\t\t<div class=\"elementor-column elementor-col-100 elementor-top-column elementor-element elementor-element-2ae8ec9\" data-id=\"2ae8ec9\" data-element_type=\"column\">\n\t\t\t<div class=\"elementor-widget-wrap elementor-element-populated\">\n\t\t\t\t\t\t\t\t<div class=\"elementor-element elementor-element-dae26ab elementor-widget elementor-widget-text-editor\" data-id=\"dae26ab\" data-element_type=\"widget\" data-widget_type=\"text-editor.default\">\n\t\t\t\t<div class=\"elementor-widget-container\">\n\t\t\t\t\t\t\t<p>Chez Naturel Beaut\u00e9 by M\u00e9lanie, nous croyons en une approche holistique de la beaut\u00e9, o\u00f9 chaque geste a un impact profond sur la peau. C\u2019est pourquoi nous int\u00e9grons des massages facialistes manuels dans nos soins visage anti-\u00e2ge, v\u00e9ritables alli\u00e9s pour pr\u00e9server la jeunesse, l\u2019\u00e9clat et la fermet\u00e9 du visage.<\/p><p>Inspir\u00e9s des techniques de massage profond et des gestes des facialistes renomm\u00e9s, ces massages offrent bien plus qu\u2019un simple moment de d\u00e9tente. Ils permettent de :<\/p><ul><li>Stimuler la circulation sanguine et lymphatique, pour une peau mieux oxyg\u00e9n\u00e9e et d\u00e9toxifi\u00e9e.<\/li><li>D\u00e9tendre les tensions musculaires du visage, souvent responsables des rides d&#8217;expression<\/li><li>Redessiner les volumes et r\u00e9activer la tonicit\u00e9 naturelle de la peau<\/li><li>Favoriser la production de collag\u00e8ne et d\u2019\u00e9lastine, essentiels \u00e0 la fermet\u00e9 et \u00e0 la souplesse cutan\u00e9e.<\/li><\/ul><p>Ce travail en profondeur agit comme un v\u00e9ritable lifting naturel, visible d\u00e8s les premi\u00e8res s\u00e9ances.<\/p><p>Associ\u00e9 \u00e0 nos soins haute performance (LPG, Ekia, Thalgo), le massage facialiste devient un pilier incontournable pour accompagner le vieillissement en beaut\u00e9, avec naturel, \u00e9l\u00e9gance et efficacit\u00e9<\/p>\t\t\t\t\t\t<\/div>\n\t\t\t\t<\/div>\n\t\t\t\t\t<\/div>\n\t\t<\/div>\n\t\t\t\t\t\t\t<\/div>\n\t\t<\/section>\n\t\t\t\t<section class=\"elementor-section elementor-top-section elementor-element elementor-element-11222fb elementor-section-boxed elementor-section-height-default elementor-section-height-default edgtf-elementor-container-no edgtf-section edgtf-parallax-section-holder-touch-disabled edgtf-parallax-section-no\" data-id=\"11222fb\" data-element_type=\"section\" data-settings=\"{&quot;background_background&quot;:&quot;classic&quot;}\">\n\t\t\t\t\t\t<div class=\"elementor-container elementor-column-gap-default\">\n\t\t\t\t\t<div class=\"elementor-column elementor-col-100 elementor-top-column elementor-element elementor-element-eb8c438\" data-id=\"eb8c438\" data-element_type=\"column\" data-settings=\"{&quot;background_background&quot;:&quot;classic&quot;}\">\n\t\t\t<div class=\"elementor-widget-wrap elementor-element-populated\">\n\t\t\t\t\t\t\t\t<div class=\"elementor-element elementor-element-e489643 elementor-widget elementor-widget-edgtf_call_to_action\" data-id=\"e489643\" data-element_type=\"widget\" data-widget_type=\"edgtf_call_to_action.default\">\n\t\t\t\t<div class=\"elementor-widget-container\">\n\t\t\t\t<div class=\"edgtf-container-inner\">\n\t<div class=\"edgtf-call-to-action normal\" style=\"background-color: #FCBF48;\">\n\n\t\t\t\t\t<div class=\"edgtf-call-to-action-row-75-25 clearfix\" >\n\t\t\t\t\t\t<div class=\"edgtf-text-wrapper \">\n\t\t\t\t\t<div class=\"edgtf-call-to-action-text\" style=\"text-align: center\"><p><span style=\"color: #ffffff;\">Quel soin visage est fait pour vous?<\/span><\/p>\t\t\t\t\t\t\t\t\t\t\t<\/div>\n\t\t\t\t<\/div>\n\n\t\t\t\t\t\t\t<\/div>\n\t\t\t<\/div>\n\t<\/div>\n\t\t<\/div>\n\t\t\t\t<\/div>\n\t\t\t\t\t<\/div>\n\t\t<\/div>\n\t\t\t\t\t\t\t<\/div>\n\t\t<\/section>\n\t\t\t\t<section class=\"elementor-section elementor-top-section elementor-element elementor-element-c4ee4ee elementor-section-boxed elementor-section-height-default elementor-section-height-default edgtf-elementor-container-no edgtf-section edgtf-parallax-section-holder-touch-disabled edgtf-parallax-section-no\" data-id=\"c4ee4ee\" data-element_type=\"section\">\n\t\t\t\t\t\t<div class=\"elementor-container elementor-column-gap-default\">\n\t\t\t\t\t<div class=\"elementor-column elementor-col-100 elementor-top-column elementor-element elementor-element-f60c080\" data-id=\"f60c080\" data-element_type=\"column\">\n\t\t\t<div class=\"elementor-widget-wrap elementor-element-populated\">\n\t\t\t\t\t\t\t\t<div class=\"elementor-element elementor-element-d873cbd elementor-widget elementor-widget-text-editor\" data-id=\"d873cbd\" data-element_type=\"widget\" data-widget_type=\"text-editor.default\">\n\t\t\t\t<div class=\"elementor-widget-container\">\n\t\t\t\t\t\t\t<p>Parce que chaque peau est unique, nous vous proposons un diagnostic personnalis\u00e9 pour vous orienter vers le soin le plus adapt\u00e9 \u00e0 vos besoins, \u00e0 votre rythme de vie et \u00e0 vos objectifs beaut\u00e9.<\/p><p>Offrez \u00e0 votre visage ce qu\u2019il m\u00e9rite de mieux, une pause anti-\u00e2ge sur mesure, dans un cocon de douceur et de technicit\u00e9.<\/p>\t\t\t\t\t\t<\/div>\n\t\t\t\t<\/div>\n\t\t\t\t\t<\/div>\n\t\t<\/div>\n\t\t\t\t\t\t\t<\/div>\n\t\t<\/section>\n\t\t\t\t<section class=\"elementor-section elementor-top-section elementor-element elementor-element-ddcdeb0 elementor-section-boxed elementor-section-height-default elementor-section-height-default edgtf-elementor-container-no edgtf-section edgtf-parallax-section-holder-touch-disabled edgtf-parallax-section-no\" data-id=\"ddcdeb0\" data-element_type=\"section\" data-settings=\"{&quot;background_background&quot;:&quot;classic&quot;}\">\n\t\t\t\t\t\t<div class=\"elementor-container elementor-column-gap-default\">\n\t\t\t\t\t<div class=\"elementor-column elementor-col-100 elementor-top-column elementor-element elementor-element-f02af88\" data-id=\"f02af88\" data-element_type=\"column\" data-settings=\"{&quot;background_background&quot;:&quot;classic&quot;}\">\n\t\t\t<div class=\"elementor-widget-wrap elementor-element-populated\">\n\t\t\t\t\t\t\t\t<div class=\"elementor-element elementor-element-f7db8fb elementor-widget elementor-widget-edgtf_call_to_action\" data-id=\"f7db8fb\" data-element_type=\"widget\" data-widget_type=\"edgtf_call_to_action.default\">\n\t\t\t\t<div class=\"elementor-widget-container\">\n\t\t\t\t<div class=\"edgtf-container-inner\">\n\t<div class=\"edgtf-call-to-action normal\" style=\"background-color: #FCBF48;\">\n\n\t\t\t\t\t<div class=\"edgtf-call-to-action-row-75-25 clearfix\" >\n\t\t\t\t\t\t<div class=\"edgtf-text-wrapper edgtf-call-to-action-column1 edgtf-call-to-action-cell \">\n\t\t\t\t\t<div class=\"edgtf-call-to-action-text\" style=\"text-align: center\"><h2 style=\"text-align: left;\"><span style=\"color: #ffffff;\">Inscrivez-vous \u00e0 notre newsletter<\/span><\/h2>\t\t\t\t\t\t\t\t\t\t\t<\/div>\n\t\t\t\t<\/div>\n\n\t\t\t\t\t\t\t\t\t<div class=\"edgtf-button-wrapper edgtf-call-to-action-column2 edgtf-call-to-action-cell\" style =\"text-align:  ;\">\n\t\t\t\t\t\t<a itemprop=\"url\" href=\"http:\/\/naturelb.lu\/?page_id=19141\" target=\"_blank\" style=\"color: #FFFFFF;background-color: #FCBF48;border-color: #FFFFFF\" class=\"edgtf-btn edgtf-btn-medium edgtf-btn-solid edgtf-btn-custom-hover-bg edgtf-btn-custom-hover-color\" data-hover-bg-color=\"#FFFFFF\" data-hover-color=\"#212121\" >\t<span class=\"edgtf-btn-text\">Inscription<\/span>    <\/a>\t\t\t\t\t<\/div>\n\t\t\t\t\t\t\t<\/div>\n\t\t\t<\/div>\n\t<\/div>\n\t\t<\/div>\n\t\t\t\t<\/div>\n\t\t\t\t\t<\/div>\n\t\t<\/div>\n\t\t\t\t\t\t\t<\/div>\n\t\t<\/section>\n\t\t\t\t\t\t<\/div>\n\t\t\t\t\t<\/div>\n\t\t","protected":false},"excerpt":{"rendered":"<p>R\u00e9v\u00e9lez votre \u00e9clat, naturellement Chaque visage raconte une histoire. \u00c0 travers les ann\u00e9es, la peau \u00e9volue, se fragilise, perd parfois de sa fermet\u00e9, de son \u00e9clat. Chez Naturel Beaut\u00e9 by M\u00e9lanie, nous vous proposons des soins visage anti-\u00e2ge hautement cibl\u00e9s et sensoriels, adapt\u00e9s \u00e0 votre peau, votre \u00e2ge, vos besoins. 01Les soins visages EKIA &#8211;&#8230;<\/p>\n","protected":false},"author":2,"featured_media":0,"parent":0,"menu_order":0,"comment_status":"closed","ping_status":"closed","template":"","meta":[],"yoast_head":"<!-- This site is optimized with the Yoast SEO plugin v19.13 - https:\/\/yoast.com\/wordpress\/plugins\/seo\/ -->\n<title>Les soins visages Anti-\u00e2ge - Institut Naturel Beaut\u00e9<\/title>\n<meta name=\"robots\" content=\"index, follow, max-snippet:-1, max-image-preview:large, max-video-preview:-1\" \/>\n<link rel=\"canonical\" href=\"https:\/\/naturelb.lu\/?page_id=20472\" \/>\n<meta property=\"og:locale\" content=\"en_US\" \/>\n<meta property=\"og:type\" content=\"article\" \/>\n<meta property=\"og:title\" content=\"Les soins visages Anti-\u00e2ge - Institut Naturel Beaut\u00e9\" \/>\n<meta property=\"og:description\" content=\"R\u00e9v\u00e9lez votre \u00e9clat, naturellement Chaque visage raconte une histoire. \u00c0 travers les ann\u00e9es, la peau \u00e9volue, se fragilise, perd parfois de sa fermet\u00e9, de son \u00e9clat. Chez Naturel Beaut\u00e9 by M\u00e9lanie, nous vous proposons des soins visage anti-\u00e2ge hautement cibl\u00e9s et sensoriels, adapt\u00e9s \u00e0 votre peau, votre \u00e2ge, vos besoins. 01Les soins visages EKIA &#8211;...\" \/>\n<meta property=\"og:url\" content=\"https:\/\/naturelb.lu\/?page_id=20472\" \/>\n<meta property=\"og:site_name\" content=\"Institut Naturel Beaut\u00e9\" \/>\n<meta property=\"article:modified_time\" content=\"2025-11-02T07:57:30+00:00\" \/>\n<meta property=\"og:image\" content=\"https:\/\/naturelb.lu\/wp-content\/uploads\/2025\/11\/Picture1.jpg\" \/>\n<meta name=\"twitter:card\" content=\"summary_large_image\" \/>\n<meta name=\"twitter:label1\" content=\"Est. reading time\" \/>\n\t<meta name=\"twitter:data1\" content=\"5 minutes\" \/>\n<script type=\"application\/ld+json\" class=\"yoast-schema-graph\">{\"@context\":\"https:\/\/schema.org\",\"@graph\":[{\"@type\":\"WebPage\",\"@id\":\"https:\/\/naturelb.lu\/?page_id=20472\",\"url\":\"https:\/\/naturelb.lu\/?page_id=20472\",\"name\":\"Les soins visages Anti-\u00e2ge - Institut Naturel Beaut\u00e9\",\"isPartOf\":{\"@id\":\"https:\/\/naturelb.lu\/#website\"},\"datePublished\":\"2025-11-02T07:38:20+00:00\",\"dateModified\":\"2025-11-02T07:57:30+00:00\",\"breadcrumb\":{\"@id\":\"https:\/\/naturelb.lu\/?page_id=20472#breadcrumb\"},\"inLanguage\":\"en-US\",\"potentialAction\":[{\"@type\":\"ReadAction\",\"target\":[\"https:\/\/naturelb.lu\/?page_id=20472\"]}]},{\"@type\":\"BreadcrumbList\",\"@id\":\"https:\/\/naturelb.lu\/?page_id=20472#breadcrumb\",\"itemListElement\":[{\"@type\":\"ListItem\",\"position\":1,\"name\":\"Accueil\",\"item\":\"https:\/\/naturelb.lu\/\"},{\"@type\":\"ListItem\",\"position\":2,\"name\":\"Les soins visages Anti-\u00e2ge\"}]},{\"@type\":\"WebSite\",\"@id\":\"https:\/\/naturelb.lu\/#website\",\"url\":\"https:\/\/naturelb.lu\/\",\"name\":\"Institut Naturel Beaut\u00e9\",\"description\":\"\",\"potentialAction\":[{\"@type\":\"SearchAction\",\"target\":{\"@type\":\"EntryPoint\",\"urlTemplate\":\"https:\/\/naturelb.lu\/?s={search_term_string}\"},\"query-input\":\"required name=search_term_string\"}],\"inLanguage\":\"en-US\"}]}<\/script>\n<!-- \/ Yoast SEO plugin. -->","yoast_head_json":{"title":"Les soins visages Anti-\u00e2ge - Institut Naturel Beaut\u00e9","robots":{"index":"index","follow":"follow","max-snippet":"max-snippet:-1","max-image-preview":"max-image-preview:large","max-video-preview":"max-video-preview:-1"},"canonical":"https:\/\/naturelb.lu\/?page_id=20472","og_locale":"en_US","og_type":"article","og_title":"Les soins visages Anti-\u00e2ge - Institut Naturel Beaut\u00e9","og_description":"R\u00e9v\u00e9lez votre \u00e9clat, naturellement Chaque visage raconte une histoire. \u00c0 travers les ann\u00e9es, la peau \u00e9volue, se fragilise, perd parfois de sa fermet\u00e9, de son \u00e9clat. Chez Naturel Beaut\u00e9 by M\u00e9lanie, nous vous proposons des soins visage anti-\u00e2ge hautement cibl\u00e9s et sensoriels, adapt\u00e9s \u00e0 votre peau, votre \u00e2ge, vos besoins. 01Les soins visages EKIA &#8211;...","og_url":"https:\/\/naturelb.lu\/?page_id=20472","og_site_name":"Institut Naturel Beaut\u00e9","article_modified_time":"2025-11-02T07:57:30+00:00","og_image":[{"url":"https:\/\/naturelb.lu\/wp-content\/uploads\/2025\/11\/Picture1.jpg"}],"twitter_card":"summary_large_image","twitter_misc":{"Est. reading time":"5 minutes"},"schema":{"@context":"https:\/\/schema.org","@graph":[{"@type":"WebPage","@id":"https:\/\/naturelb.lu\/?page_id=20472","url":"https:\/\/naturelb.lu\/?page_id=20472","name":"Les soins visages Anti-\u00e2ge - Institut Naturel Beaut\u00e9","isPartOf":{"@id":"https:\/\/naturelb.lu\/#website"},"datePublished":"2025-11-02T07:38:20+00:00","dateModified":"2025-11-02T07:57:30+00:00","breadcrumb":{"@id":"https:\/\/naturelb.lu\/?page_id=20472#breadcrumb"},"inLanguage":"en-US","potentialAction":[{"@type":"ReadAction","target":["https:\/\/naturelb.lu\/?page_id=20472"]}]},{"@type":"BreadcrumbList","@id":"https:\/\/naturelb.lu\/?page_id=20472#breadcrumb","itemListElement":[{"@type":"ListItem","position":1,"name":"Accueil","item":"https:\/\/naturelb.lu\/"},{"@type":"ListItem","position":2,"name":"Les soins visages Anti-\u00e2ge"}]},{"@type":"WebSite","@id":"https:\/\/naturelb.lu\/#website","url":"https:\/\/naturelb.lu\/","name":"Institut Naturel Beaut\u00e9","description":"","potentialAction":[{"@type":"SearchAction","target":{"@type":"EntryPoint","urlTemplate":"https:\/\/naturelb.lu\/?s={search_term_string}"},"query-input":"required name=search_term_string"}],"inLanguage":"en-US"}]}},"_links":{"self":[{"href":"https:\/\/naturelb.lu\/index.php?rest_route=\/wp\/v2\/pages\/20472"}],"collection":[{"href":"https:\/\/naturelb.lu\/index.php?rest_route=\/wp\/v2\/pages"}],"about":[{"href":"https:\/\/naturelb.lu\/index.php?rest_route=\/wp\/v2\/types\/page"}],"author":[{"embeddable":true,"href":"https:\/\/naturelb.lu\/index.php?rest_route=\/wp\/v2\/users\/2"}],"replies":[{"embeddable":true,"href":"https:\/\/naturelb.lu\/index.php?rest_route=%2Fwp%2Fv2%2Fcomments&post=20472"}],"version-history":[{"count":18,"href":"https:\/\/naturelb.lu\/index.php?rest_route=\/wp\/v2\/pages\/20472\/revisions"}],"predecessor-version":[{"id":20502,"href":"https:\/\/naturelb.lu\/index.php?rest_route=\/wp\/v2\/pages\/20472\/revisions\/20502"}],"wp:attachment":[{"href":"https:\/\/naturelb.lu\/index.php?rest_route=%2Fwp%2Fv2%2Fmedia&parent=20472"}],"curies":[{"name":"wp","href":"https:\/\/api.w.org\/{rel}","templated":true}]}}